{"id":365,"date":"2024-05-24T20:55:46","date_gmt":"2024-05-24T18:55:46","guid":{"rendered":"http:\/\/localhost\/cafdo\/?page_id=365"},"modified":"2024-06-27T01:39:37","modified_gmt":"2024-06-26T23:39:37","slug":"yirwa","status":"publish","type":"page","link":"https:\/\/www.cafdo.africa\/?page_id=365","title":{"rendered":"YIRWA"},"content":{"rendered":"<p>[et_pb_section fb_built=\u00a0\u00bb1&Prime; _builder_version=\u00a0\u00bb4.25.1&Prime; _module_preset=\u00a0\u00bbdefault\u00a0\u00bb global_colors_info=\u00a0\u00bb{}\u00a0\u00bb][et_pb_row column_structure=\u00a0\u00bb1_2,1_2&Prime; _builder_version=\u00a0\u00bb4.25.1&Prime; _module_preset=\u00a0\u00bbdefault\u00a0\u00bb global_colors_info=\u00a0\u00bb{}\u00a0\u00bb][et_pb_column type=\u00a0\u00bb1_2&Prime; _builder_version=\u00a0\u00bb4.25.1&Prime; _module_preset=\u00a0\u00bbdefault\u00a0\u00bb global_colors_info=\u00a0\u00bb{}\u00a0\u00bb][et_pb_image src=\u00a0\u00bbhttp:\/\/localhost\/cafdo\/wp-content\/uploads\/2024\/05\/afriquev4.png\u00a0\u00bb title_text=\u00a0\u00bbafriquev4&Prime; _builder_version=\u00a0\u00bb4.25.1&Prime; _module_preset=\u00a0\u00bbdefault\u00a0\u00bb global_colors_info=\u00a0\u00bb{}\u00a0\u00bb][\/et_pb_image][\/et_pb_column][et_pb_column type=\u00a0\u00bb1_2&Prime; _builder_version=\u00a0\u00bb4.25.1&Prime; _module_preset=\u00a0\u00bbdefault\u00a0\u00bb global_colors_info=\u00a0\u00bb{}\u00a0\u00bb][et_pb_text _builder_version=\u00a0\u00bb4.25.1&Prime; _module_preset=\u00a0\u00bbdefault\u00a0\u00bb global_colors_info=\u00a0\u00bb{}\u00a0\u00bb]<\/p>\n<h1 class=\"et_pb_module_heading et-fb-editable-element et-fb-editable-element__editing\" data-shortcode-id=\"0.0.0.0-1716629464510\" data-quickaccess-id=\"title\" contenteditable=\"true\">Donn\u00e9es pour le d\u00e9veloppement en Afrique francophone: Outiller, valoriser et p\u00e9renniser une culture des donn\u00e9es pour la Communaut\u00e9 d\u2019Afrique francophone des donn\u00e9es ouvertes &#8211; CAFDO<\/h1>\n<p>[\/et_pb_text][\/et_pb_column][\/et_pb_row][\/et_pb_section][et_pb_section fb_built=\u00a0\u00bb1&Prime; specialty=\u00a0\u00bbon\u00a0\u00bb _builder_version=\u00a0\u00bb4.25.1&Prime; _module_preset=\u00a0\u00bbdefault\u00a0\u00bb background_color=\u00a0\u00bb#d8d8d8&Prime; custom_margin=\u00a0\u00bb0px||0px||false|false\u00a0\u00bb custom_padding=\u00a0\u00bb0px||0px||false|false\u00a0\u00bb global_colors_info=\u00a0\u00bb{}\u00a0\u00bb][et_pb_column type=\u00a0\u00bb1_2&Prime; _builder_version=\u00a0\u00bb4.16&Prime; custom_padding=\u00a0\u00bb|||\u00a0\u00bb global_colors_info=\u00a0\u00bb{}\u00a0\u00bb custom_padding__hover=\u00a0\u00bb|||\u00a0\u00bb][et_pb_text _builder_version=\u00a0\u00bb4.25.1&Prime; _module_preset=\u00a0\u00bbdefault\u00a0\u00bb global_colors_info=\u00a0\u00bb{}\u00a0\u00bb]<\/p>\n<p><strong><\/strong><\/p>\n<h4><strong>Objectif G\u00e9n\u00e9ral :<\/strong><\/h4>\n<p style=\"text-align: justify;\"><span style=\"font-size: 16px; color: #002060; text-decoration: none; font-family: 'docs-Calibri'; font-style: normal; text-decoration-skip-ink: none;\">Am\u00e9liorer l&rsquo;ouverture, l&rsquo;utilisation, le partage et la gouvernance des donn\u00e9es pour un dev\u00e9loppement exclusif et \u00e9quitable en Afrique Francophone<\/span><\/p>\n<p>&nbsp;<\/p>\n<h4><strong>Objectifs sp\u00e9cifiques :<\/strong><\/h4>\n<ul>\n<li style=\"text-align: justify;\"><span style=\"font-size: 16px; color: #002060; text-decoration: none; font-family: 'docs-Calibri'; font-style: normal; text-decoration-skip-ink: none;\">Soutenir la recherche et l&rsquo;innovation pour produire des connaissances favorisant la bonne gouvernance de l&rsquo;\u00e9cosyst\u00e8me des donn\u00e9es.<\/span><span style=\"font-size: 16px; color: #002060; font-weight: bold; text-decoration: none; font-family: 'docs-Calibri'; font-style: normal; text-decoration-skip-ink: none;\"><\/span><\/li>\n<\/ul>\n<p><span style=\"font-size: 16px; color: #002060; font-weight: bold; text-decoration: none; font-family: 'docs-Calibri'; font-style: normal; text-decoration-skip-ink: none;\"><\/span><\/p>\n<ul>\n<li style=\"text-align: justify;\"><span style=\"font-size: 16px; color: #002060; text-decoration: none; font-family: 'docs-Calibri'; font-style: normal; text-decoration-skip-ink: none;\">Cr\u00e9er un cadre de partage, de r\u00e9seautage et de valorisation des efforts de la communaut\u00e9.<\/span><\/li>\n<\/ul>\n<p><span style=\"font-size: 16px; color: #002060; text-decoration: none; font-family: 'docs-Calibri'; font-style: normal; text-decoration-skip-ink: none;\"><\/span><\/p>\n<ul>\n<li style=\"text-align: justify;\"><span style=\"font-size: 16px; color: #002060; text-decoration: none; font-family: 'docs-Calibri'; font-style: normal; text-decoration-skip-ink: none;\">Renforcer les capacit\u00e9s de l&rsquo;\u00e9cosyst\u00e8me d&rsquo;acteurs oeuvrant dans les donn\u00e9es afin de cr\u00e9er des leaders qui d\u00e9fendent les int\u00e9r\u00eats de la communaut\u00e9 de donn\u00e9es \u00e0 tous les niveaux<\/span><\/li>\n<\/ul>\n<p>[\/et_pb_text][\/et_pb_column][et_pb_column type=\u00a0\u00bb1_2&Prime; specialty_columns=\u00a0\u00bb2&Prime; _builder_version=\u00a0\u00bb4.16&Prime; custom_padding=\u00a0\u00bb|||\u00a0\u00bb global_colors_info=\u00a0\u00bb{}\u00a0\u00bb custom_padding__hover=\u00a0\u00bb|||\u00a0\u00bb][et_pb_row_inner column_structure=\u00a0\u00bb1_2,1_2&Prime; _builder_version=\u00a0\u00bb4.25.1&Prime; _module_preset=\u00a0\u00bbdefault\u00a0\u00bb global_colors_info=\u00a0\u00bb{}\u00a0\u00bb][et_pb_column_inner type=\u00a0\u00bb1_2&Prime; saved_specialty_column_type=\u00a0\u00bb1_2&Prime; _builder_version=\u00a0\u00bb4.25.1&Prime; _module_preset=\u00a0\u00bbdefault\u00a0\u00bb global_colors_info=\u00a0\u00bb{}\u00a0\u00bb][et_pb_text _builder_version=\u00a0\u00bb4.25.1&Prime; _module_preset=\u00a0\u00bbdefault\u00a0\u00bb hover_enabled=\u00a0\u00bb0&Prime; global_colors_info=\u00a0\u00bb{}\u00a0\u00bb sticky_enabled=\u00a0\u00bb0&Prime;]<\/p>\n<h4><span style=\"font-size: 16px; color: #002060; font-weight: bold; text-decoration: none; font-family: 'docs-Calibri'; font-style: normal; text-decoration-skip-ink: none;\">Montant<\/span><span style=\"font-size: 16px; color: #002060; font-weight: bold; text-decoration: none; font-family: 'docs-Calibri'; font-style: normal; text-decoration-skip-ink: none;\"> : 247 317 500 FCFA<br \/><\/span><\/h4>\n<p>[\/et_pb_text][et_pb_text _builder_version=\u00a0\u00bb4.25.1&Prime; _module_preset=\u00a0\u00bbdefault\u00a0\u00bb global_colors_info=\u00a0\u00bb{}\u00a0\u00bb]<\/p>\n<h4><span style=\"font-size: 16px; color: #002060; font-weight: bold; text-decoration: none; font-family: 'docs-Calibri'; font-style: normal; text-decoration-skip-ink: none;\">Dur\u00e9e <\/span><span style=\"font-size: 16px; color: #002060; font-weight: bold; text-decoration: none; font-family: 'docs-Calibri'; font-style: normal; text-decoration-skip-ink: none;\">: 22 mois<br \/><\/span><\/h4>\n<p>[\/et_pb_text][\/et_pb_column_inner][et_pb_column_inner type=\u00a0\u00bb1_2&Prime; saved_specialty_column_type=\u00a0\u00bb1_2&Prime; _builder_version=\u00a0\u00bb4.25.1&Prime; _module_preset=\u00a0\u00bbdefault\u00a0\u00bb global_colors_info=\u00a0\u00bb{}\u00a0\u00bb][et_pb_text _builder_version=\u00a0\u00bb4.25.1&Prime; _module_preset=\u00a0\u00bbdefault\u00a0\u00bb global_colors_info=\u00a0\u00bb{}\u00a0\u00bb]<\/p>\n<p><span style=\"font-size: 16px; color: #002060; font-weight: bold; text-decoration: none; font-family: 'docs-Calibri'; font-style: normal; text-decoration-skip-ink: none;\">Nombre de pays : 27<br \/><\/span><\/p>\n<p>&nbsp;<\/p>\n<p>[\/et_pb_text][\/et_pb_column_inner][\/et_pb_row_inner][\/et_pb_column][\/et_pb_section][et_pb_section fb_built=\u00a0\u00bb1&Prime; _builder_version=\u00a0\u00bb4.25.1&Prime; _module_preset=\u00a0\u00bbdefault\u00a0\u00bb background_color=\u00a0\u00bb#d8d8d8&Prime; custom_margin=\u00a0\u00bb0px||0px||false|false\u00a0\u00bb custom_padding=\u00a0\u00bb0px||0px||false|false\u00a0\u00bb global_colors_info=\u00a0\u00bb{}\u00a0\u00bb][et_pb_row column_structure=\u00a0\u00bb2_5,3_5&Prime; _builder_version=\u00a0\u00bb4.25.1&Prime; _module_preset=\u00a0\u00bbdefault\u00a0\u00bb global_colors_info=\u00a0\u00bb{}\u00a0\u00bb][et_pb_column type=\u00a0\u00bb2_5&Prime; _builder_version=\u00a0\u00bb4.25.1&Prime; _module_preset=\u00a0\u00bbdefault\u00a0\u00bb global_colors_info=\u00a0\u00bb{}\u00a0\u00bb][et_pb_text _builder_version=\u00a0\u00bb4.25.1&Prime; _module_preset=\u00a0\u00bbdefault\u00a0\u00bb hover_enabled=\u00a0\u00bb0&Prime; global_colors_info=\u00a0\u00bb{}\u00a0\u00bb sticky_enabled=\u00a0\u00bb0&Prime;]<\/p>\n<h5><strong>Ex\u00e9cutant<\/strong> :<\/h5>\n<p><img loading=\"lazy\" decoding=\"async\" src=\"https:\/\/www.cafdo.africa\/wp-content\/uploads\/2024\/05\/Logo-transparent-300x176.png\" width=\"300\" height=\"176\" alt=\"\" class=\"wp-image-536 alignnone size-medium\" \/><\/p>\n<p>&nbsp;<\/p>\n<p>[\/et_pb_text][\/et_pb_column][et_pb_column type=\u00a0\u00bb3_5&Prime; _builder_version=\u00a0\u00bb4.25.1&Prime; _module_preset=\u00a0\u00bbdefault\u00a0\u00bb global_colors_info=\u00a0\u00bb{}\u00a0\u00bb][et_pb_text _builder_version=\u00a0\u00bb4.25.1&Prime; _module_preset=\u00a0\u00bbdefault\u00a0\u00bb hover_enabled=\u00a0\u00bb0&Prime; global_colors_info=\u00a0\u00bb{}\u00a0\u00bb sticky_enabled=\u00a0\u00bb0&Prime;]<\/p>\n<h5><strong>Partenaires<\/strong> :<\/h5>\n<h5><img loading=\"lazy\" decoding=\"async\" src=\"https:\/\/www.cafdo.africa\/wp-content\/uploads\/2024\/05\/CRDI2-300x85.png\" width=\"300\" height=\"85\" alt=\"\" class=\"wp-image-533 alignnone size-medium\" srcset=\"https:\/\/www.cafdo.africa\/wp-content\/uploads\/2024\/05\/CRDI2-300x85.png 300w, https:\/\/www.cafdo.africa\/wp-content\/uploads\/2024\/05\/CRDI2.png 383w\" sizes=\"auto, (max-width: 300px) 100vw, 300px\" \/><\/h5>\n<p><img loading=\"lazy\" decoding=\"async\" src=\"https:\/\/www.cafdo.africa\/wp-content\/uploads\/2024\/05\/HF-300x64.png\" width=\"300\" height=\"64\" alt=\"\" class=\"wp-image-531 alignnone size-medium\" \/><\/p>\n<h5><\/h5>\n<h5><\/h5>\n<p>[\/et_pb_text][\/et_pb_column][\/et_pb_row][\/et_pb_section][et_pb_section fb_built=\u00a0\u00bb1&Prime; _builder_version=\u00a0\u00bb4.25.1&Prime; _module_preset=\u00a0\u00bbdefault\u00a0\u00bb background_color=\u00a0\u00bbrgba(160,220,255,0.92)\u00a0\u00bb custom_padding=\u00a0\u00bb0px||0px||false|false\u00a0\u00bb global_colors_info=\u00a0\u00bb{}\u00a0\u00bb][et_pb_row _builder_version=\u00a0\u00bb4.25.1&Prime; _module_preset=\u00a0\u00bbdefault\u00a0\u00bb global_colors_info=\u00a0\u00bb{}\u00a0\u00bb][et_pb_column type=\u00a0\u00bb4_4&Prime; _builder_version=\u00a0\u00bb4.25.1&Prime; _module_preset=\u00a0\u00bbdefault\u00a0\u00bb global_colors_info=\u00a0\u00bb{}\u00a0\u00bb][et_pb_heading title=\u00a0\u00bbNiveau d&rsquo;avancement\u00a0\u00bb _builder_version=\u00a0\u00bb4.25.1&Prime; _module_preset=\u00a0\u00bbdefault\u00a0\u00bb global_colors_info=\u00a0\u00bb{}\u00a0\u00bb][\/et_pb_heading][\/et_pb_column][\/et_pb_row][\/et_pb_section][et_pb_section fb_built=\u00a0\u00bb1&Prime; _builder_version=\u00a0\u00bb4.25.1&Prime; _module_preset=\u00a0\u00bbdefault\u00a0\u00bb background_color=\u00a0\u00bbrgba(160,220,255,0.92)\u00a0\u00bb custom_margin=\u00a0\u00bb0px||0px||false|false\u00a0\u00bb custom_padding=\u00a0\u00bb0px||0px||false|false\u00a0\u00bb global_colors_info=\u00a0\u00bb{}\u00a0\u00bb][et_pb_row _builder_version=\u00a0\u00bb4.25.1&Prime; _module_preset=\u00a0\u00bbdefault\u00a0\u00bb custom_margin=\u00a0\u00bb0px||0px||false|false\u00a0\u00bb custom_padding=\u00a0\u00bb0px||0px||false|false\u00a0\u00bb global_colors_info=\u00a0\u00bb{}\u00a0\u00bb][et_pb_column type=\u00a0\u00bb4_4&Prime; _builder_version=\u00a0\u00bb4.25.1&Prime; _module_preset=\u00a0\u00bbdefault\u00a0\u00bb global_colors_info=\u00a0\u00bb{}\u00a0\u00bb][et_pb_counters _builder_version=\u00a0\u00bb4.25.1&Prime; _module_preset=\u00a0\u00bbdefault\u00a0\u00bb global_colors_info=\u00a0\u00bb{}\u00a0\u00bb][et_pb_counter percent=\u00a0\u00bb15&Prime; _builder_version=\u00a0\u00bb4.25.1&Prime; _module_preset=\u00a0\u00bbdefault\u00a0\u00bb global_colors_info=\u00a0\u00bb{}\u00a0\u00bb bar_background_color_default=\u00a0\u00bb#7EBEC5&Prime; use_percentages=\u00a0\u00bbon\u00a0\u00bb][\/et_pb_counter][\/et_pb_counters][\/et_pb_column][\/et_pb_row][\/et_pb_section][et_pb_section fb_built=\u00a0\u00bb1&Prime; _builder_version=\u00a0\u00bb4.25.1&Prime; _module_preset=\u00a0\u00bbdefault\u00a0\u00bb background_color=\u00a0\u00bbrgba(160,220,255,0.92)\u00a0\u00bb global_colors_info=\u00a0\u00bb{}\u00a0\u00bb][et_pb_row _builder_version=\u00a0\u00bb4.25.1&Prime; _module_preset=\u00a0\u00bbdefault\u00a0\u00bb global_colors_info=\u00a0\u00bb{}\u00a0\u00bb][et_pb_column type=\u00a0\u00bb4_4&Prime; _builder_version=\u00a0\u00bb4.25.1&Prime; _module_preset=\u00a0\u00bbdefault\u00a0\u00bb global_colors_info=\u00a0\u00bb{}\u00a0\u00bb][et_pb_heading title=\u00a0\u00bbActions\u00a0\u00bb _builder_version=\u00a0\u00bb4.25.1&Prime; _module_preset=\u00a0\u00bbdefault\u00a0\u00bb global_colors_info=\u00a0\u00bb{}\u00a0\u00bb][\/et_pb_heading][\/et_pb_column][\/et_pb_row][et_pb_row _builder_version=\u00a0\u00bb4.25.1&Prime; _module_preset=\u00a0\u00bbdefault\u00a0\u00bb global_colors_info=\u00a0\u00bb{}\u00a0\u00bb][et_pb_column type=\u00a0\u00bb4_4&Prime; _builder_version=\u00a0\u00bb4.25.1&Prime; _module_preset=\u00a0\u00bbdefault\u00a0\u00bb global_colors_info=\u00a0\u00bb{}\u00a0\u00bb][et_pb_accordion _builder_version=\u00a0\u00bb4.25.1&Prime; _module_preset=\u00a0\u00bbdefault\u00a0\u00bb global_colors_info=\u00a0\u00bb{}\u00a0\u00bb][et_pb_accordion_item title=\u00a0\u00bbR\u00e9aliser une \u00e9tude sur la demande en donn\u00e9es\u00a0\u00bb _builder_version=\u00a0\u00bb4.25.1&Prime; _module_preset=\u00a0\u00bbdefault\u00a0\u00bb global_colors_info=\u00a0\u00bb{}\u00a0\u00bb open=\u00a0\u00bbon\u00a0\u00bb]<\/p>\n<p style=\"text-align: justify;\"><span style=\"font-weight: 400;\">L&rsquo;essor des technologies de l&rsquo;information et de la communication a consid\u00e9rablement accru la production de donn\u00e9es \u00e0 travers le monde. Ces donn\u00e9es repr\u00e9sentent une ressource pr\u00e9cieuse pour la prise de d\u00e9cision, la planification strat\u00e9gique et le d\u00e9veloppement \u00e9conomique. Cependant, il existe souvent un \u00e9cart entre la disponibilit\u00e9 des donn\u00e9es et leur utilisation effective. Une \u00e9tude sera conduite afin de comprendre la demande en donn\u00e9es et identifier les obstacles \u00e0 l&rsquo;acc\u00e8s aux donn\u00e9es pour les utilisateurs potentiels. Cette \u00e9tude va couvrir dix pays et s&rsquo;int\u00e9resse aux th\u00e9matiques suivantes : (i) La bonne gouvernance, (ii) les changements climatiques, (iii) le genre et l\u2019inclusion, (iv) l\u2019innovation.<\/span><\/p>\n<p style=\"text-align: justify;\"><strong>Objectifs:<\/strong><\/p>\n<ul>\n<li style=\"text-align: justify;\">Identifier les acteurs et parties prenantes<\/li>\n<li style=\"text-align: justify;\">Analyser les besoins en donn\u00e9es<\/li>\n<li style=\"text-align: justify;\">\u00c9tudier les cas d&rsquo;utilisation<\/li>\n<li style=\"text-align: justify;\">Analyser les obstacles \u00e0 l&rsquo;acc\u00e8s aux donn\u00e9es<\/li>\n<li style=\"text-align: justify;\">Proposer des recommandations strat\u00e9giques<span style=\"font-weight: 400;\"><\/span><\/li>\n<\/ul>\n<p>[\/et_pb_accordion_item][et_pb_accordion_item title=\u00a0\u00bbMettre en place un programme de formations certifiantes\u00a0\u00bb _builder_version=\u00a0\u00bb4.25.1&Prime; _module_preset=\u00a0\u00bbdefault\u00a0\u00bb global_colors_info=\u00a0\u00bb{}\u00a0\u00bb open=\u00a0\u00bboff\u00a0\u00bb]<\/p>\n<p style=\"text-align: justify;\"><span style=\"font-weight: 400;\">L&rsquo;Afrique est en pleine transformation num\u00e9rique, offrant de nombreuses opportunit\u00e9s de d\u00e9veloppement \u00e9conomique, social et politique. Cependant, pour tirer pleinement parti de ces opportunit\u00e9s, il est essentiel de d\u00e9velopper les comp\u00e9tences n\u00e9cessaires pour g\u00e9rer et utiliser efficacement les donn\u00e9es. Le programme de formation certifiant en Open Data r\u00e9pond \u00e0 ce besoin en offrant des parcours de formation adapt\u00e9s \u00e0 diff\u00e9rents profils d&rsquo;utilisateurs, notamment les journalistes, les innovateurs, les chercheurs, les acteurs de la soci\u00e9t\u00e9 civile et les gestionnaires de donn\u00e9es publiques. Ce programme cible aussi les interm\u00e9diaires en mati\u00e8re d\u2019ouverture des donn\u00e9es, qui soutiennent les dynamiques au niveau pays en accompagnant les acteurs.<\/span><\/p>\n<p style=\"text-align: justify;\"><strong>Objectifs:<\/strong><\/p>\n<ul>\n<li style=\"text-align: justify;\"><span style=\"font-weight: 400;\">Former une nouvelle g\u00e9n\u00e9ration de leaders en open data en Afrique.<\/span><\/li>\n<li style=\"font-weight: 400; text-align: justify;\" aria-level=\"1\"><span style=\"font-weight: 400;\">Renforcer les comp\u00e9tences techniques et m\u00e9thodologiques en gestion, ouverture et exploitation des donn\u00e9es.<\/span><\/li>\n<li style=\"font-weight: 400; text-align: justify;\" aria-level=\"1\"><span style=\"font-weight: 400;\">Encourager l&rsquo;innovation et le d\u00e9veloppement de projets concrets utilisant les donn\u00e9es ouvertes.<\/span><\/li>\n<li style=\"font-weight: 400; text-align: justify;\" aria-level=\"1\"><span style=\"font-weight: 400;\">Promouvoir la transparence, la responsabilit\u00e9 et la participation citoyenne \u00e0 travers l&rsquo;open data.<\/span><\/li>\n<li style=\"font-weight: 400; text-align: justify;\" aria-level=\"1\"><span style=\"font-weight: 400;\">Sensibiliser et plaidoyer pour des politiques favorables \u00e0 l&rsquo;ouverture des donn\u00e9es.<\/span><\/li>\n<\/ul>\n<p>[\/et_pb_accordion_item][et_pb_accordion_item title=\u00a0\u00bbMettre en place un programme de mini-subvention \u00e0 la communaut\u00e9\u00a0\u00bb _builder_version=\u00a0\u00bb4.25.1&Prime; _module_preset=\u00a0\u00bbdefault\u00a0\u00bb global_colors_info=\u00a0\u00bb{}\u00a0\u00bb open=\u00a0\u00bboff\u00a0\u00bb]<\/p>\n<p><span style=\"font-weight: 400;\">L&rsquo;open data joue un r\u00f4le crucial dans le d\u00e9veloppement \u00e9conomique, social et politique des pays. En Afrique, l&rsquo;acc\u00e8s \u00e0 des donn\u00e9es ouvertes de qualit\u00e9 est essentiel pour favoriser la transparence, encourager l&rsquo;innovation, soutenir la prise de d\u00e9cision \u00e9clair\u00e9e et promouvoir le d\u00e9veloppement durable. Cependant, de nombreux d\u00e9fis persistent, notamment le manque de ressources pour collecter, traiter et diffuser les donn\u00e9es de mani\u00e8re efficace.<\/span><\/p>\n<p><strong>Objectifs:<\/strong><\/p>\n<ul>\n<li>S<span style=\"font-weight: 400;\">outenir des initiatives locales visant \u00e0 promouvoir les donnees ouvertes.<\/span><\/li>\n<li><span style=\"font-weight: 400;\">Soutenir le developpement de communaute locales;<\/span><\/li>\n<li><span style=\"font-weight: 400;\">Developper des cas d&rsquo;usage d&rsquo;exploitation des donnees ouvertes;<\/span><\/li>\n<\/ul>\n<p>[\/et_pb_accordion_item][et_pb_accordion_item title=\u00a0\u00bbMettre en place un programme de leadership des donn\u00e9es ouvertes\u00a0\u00bb _builder_version=\u00a0\u00bb4.25.1&Prime; _module_preset=\u00a0\u00bbdefault\u00a0\u00bb global_colors_info=\u00a0\u00bb{}\u00a0\u00bb open=\u00a0\u00bboff\u00a0\u00bb]<\/p>\n<p><span style=\"font-weight: 400;\">En Afrique, les donn\u00e9es sont une ressource pr\u00e9cieuse pour comprendre les d\u00e9fis locaux, prendre des d\u00e9cisions \u00e9clair\u00e9es et favoriser le d\u00e9veloppement durable. Cependant, malgr\u00e9 la croissance des initiatives d&rsquo;open data, il reste un foss\u00e9 important en termes de comp\u00e9tences et de leadership dans la collecte, l&rsquo;analyse et l&rsquo;utilisation des donn\u00e9es ouvertes. Dans de nombreuses r\u00e9gions, les acteurs cl\u00e9s tels que les journalistes, les chercheurs, les entrepreneurs, les acteurs de la soci\u00e9t\u00e9 civile et les gestionnaires de donn\u00e9es publiques ont besoin de soutien pour devenir des leaders efficaces dans le domaine de l&rsquo;ouverture des donn\u00e9es.<\/span><\/p>\n<p><strong>Objectifs :<\/strong><\/p>\n<ul>\n<li>Catalyser le d\u00e9veloppement de comp\u00e9tences et de leadership parmi les membres de la CAFDO.<\/li>\n<li>Poser les bases d&rsquo;une adoption institutionnelle de l&rsquo;ouverture des donn\u00e9es.<\/li>\n<li>D\u00e9velopper des preuves des externalit\u00e9s positives caus\u00e9es par l&rsquo;ouverture des donn\u00e9es<\/li>\n<\/ul>\n<p>[\/et_pb_accordion_item][et_pb_accordion_item title=\u00a0\u00bbOrganiser la conf\u00e9rence CAFDO3&Prime; _builder_version=\u00a0\u00bb4.25.1&Prime; _module_preset=\u00a0\u00bbdefault\u00a0\u00bb global_colors_info=\u00a0\u00bb{}\u00a0\u00bb open=\u00a0\u00bboff\u00a0\u00bb]<\/p>\n<p style=\"text-align: justify;\"><span style=\"font-weight: 400;\">La conf\u00e9rence est un moment important pour les membres de la communaut\u00e9. Il est pr\u00e9vu dans la mise en \u0153uvre de ce projet de tenir la troisi\u00e8me conf\u00e9rence CAFDO, apr\u00e8s celle d\u2019Abidjan en 2019. Elle permettra de r\u00e9unir l\u2019ensemble des acteurs francophones de la donn\u00e9e afin de partager des exp\u00e9riences et construire ensemble une Afrique qui profite de la r\u00e9volution des donn\u00e9es.<\/span><\/p>\n<p style=\"text-align: justify;\"><strong>Objectifs:<\/strong><\/p>\n<ul>\n<li style=\"text-align: justify;\">Renforcer les capacit\u00e9s des membres.<\/li>\n<li style=\"text-align: justify;\">Favoriser la collaboration autour des int\u00e9rets communs<\/li>\n<li style=\"text-align: justify;\">Promouvoir l&rsquo;Innovation<\/li>\n<li style=\"text-align: justify;\">\u00c9valuer et r\u00e9viser les politiques<\/li>\n<\/ul>\n<p>[\/et_pb_accordion_item][et_pb_accordion_item title=\u00a0\u00bbMettre en oeuvre un programme de d\u00e9veloppement du partenariat\u00a0\u00bb open=\u00a0\u00bboff\u00a0\u00bb _builder_version=\u00a0\u00bb4.25.1&Prime; _module_preset=\u00a0\u00bbdefault\u00a0\u00bb global_colors_info=\u00a0\u00bb{}\u00a0\u00bb]<\/p>\n<p style=\"text-align: justify;\"><span style=\"font-weight: 400;\">Plusieurs acteurs au niveau national, r\u00e9gional et international d\u00e9veloppent des programmes de valorisation des potentiels en donn\u00e9es des organisations et des pays. Il faudra construire des collaborations avec d\u2019autres organisations ayant les m\u00eames objectifs de la CAFDO afin d\u2019agir ensemble pour plus d&rsquo;efficacit\u00e9.<\/span><\/p>\n<p style=\"text-align: justify;\"><span style=\"font-weight: 400;\"><strong>Objectifs :<\/strong> <\/span><\/p>\n<ul>\n<li style=\"font-weight: 400; text-align: justify;\" aria-level=\"1\"><span style=\"font-weight: 400;\">R\u00e9aliser des interventions conjointes pour plus d\u2019impacts des activit\u00e9s;<\/span><\/li>\n<li style=\"font-weight: 400; text-align: justify;\" aria-level=\"1\"><span style=\"font-weight: 400;\">Atteindre plus de membres en passant par les organisations fa\u00eeti\u00e8res;<\/span><\/li>\n<li style=\"font-weight: 400; text-align: justify;\" aria-level=\"1\"><span style=\"font-weight: 400;\">Participer \u00e0 des programmes d\u2019autres organisations travaillant dans le m\u00eame domaine;<\/span><\/li>\n<li style=\"font-weight: 400; text-align: justify;\" aria-level=\"1\"><span style=\"font-weight: 400;\">Mobiliser des ressources financi\u00e8res pour au b\u00e9n\u00e9fice des membres<\/span><\/li>\n<\/ul>\n<p>[\/et_pb_accordion_item][et_pb_accordion_item title=\u00a0\u00bbInstitutionnaliser la CAFDO\u00a0\u00bb _builder_version=\u00a0\u00bb4.25.1&Prime; _module_preset=\u00a0\u00bbdefault\u00a0\u00bb global_colors_info=\u00a0\u00bb{}\u00a0\u00bb open=\u00a0\u00bboff\u00a0\u00bb]<\/p>\n<p style=\"text-align: justify;\"><span style=\"font-weight: 400;\">La CAFDO est un r\u00e9seau d\u2019acteurs dont le secr\u00e9taire est assur\u00e9e par une organisation membre de ce r\u00e9seau. Au vu de ses ambitions de d\u00e9veloppement et de la place qu\u2019elle veut occuper dans la r\u00e9gion, la CAFDO ambitionne de devenir une organisation \u00e0 part enti\u00e8re. Cela permettra d\u2019avoir une \u00e9quipe d\u00e9di\u00e9e et une personnalit\u00e9 juridique lui permettant d\u2019exister officiellement.<\/span><\/p>\n<p style=\"text-align: justify;\"><span style=\"font-weight: 400;\"><strong>Objectifs :<\/strong> <\/span><\/p>\n<ul>\n<li style=\"font-weight: 400; text-align: justify;\" aria-level=\"1\"><span style=\"font-weight: 400;\">D\u00e9velopper et adopter les textes juridiques de la CAFDO<\/span><\/li>\n<li style=\"font-weight: 400; text-align: justify;\" aria-level=\"1\"><span style=\"font-weight: 400;\">D\u00e9finir la gouvernance de l\u2019organisation<\/span><\/li>\n<li style=\"font-weight: 400; text-align: justify;\" aria-level=\"1\"><span style=\"font-weight: 400;\">Mettre en place un plan de mobilisation des ressources<\/span><span style=\"font-weight: 400;\"><\/span><\/li>\n<\/ul>\n<p>[\/et_pb_accordion_item][\/et_pb_accordion][\/et_pb_column][\/et_pb_row][\/et_pb_section][et_pb_section fb_built=\u00a0\u00bb1&Prime; _builder_version=\u00a0\u00bb4.25.1&Prime; _module_preset=\u00a0\u00bbdefault\u00a0\u00bb background_color=\u00a0\u00bbrgba(160,220,255,0.92)\u00a0\u00bb global_colors_info=\u00a0\u00bb{}\u00a0\u00bb][et_pb_row _builder_version=\u00a0\u00bb4.25.1&Prime; _module_preset=\u00a0\u00bbdefault\u00a0\u00bb global_colors_info=\u00a0\u00bb{}\u00a0\u00bb][et_pb_column type=\u00a0\u00bb4_4&Prime; _builder_version=\u00a0\u00bb4.25.1&Prime; _module_preset=\u00a0\u00bbdefault\u00a0\u00bb global_colors_info=\u00a0\u00bb{}\u00a0\u00bb][et_pb_heading title=\u00a0\u00bbActualit\u00e9s\u00a0\u00bb _builder_version=\u00a0\u00bb4.25.1&Prime; _module_preset=\u00a0\u00bbdefault\u00a0\u00bb global_colors_info=\u00a0\u00bb{}\u00a0\u00bb][\/et_pb_heading][\/et_pb_column][\/et_pb_row][et_pb_row _builder_version=\u00a0\u00bb4.25.1&Prime; _module_preset=\u00a0\u00bbdefault\u00a0\u00bb global_colors_info=\u00a0\u00bb{}\u00a0\u00bb][et_pb_column type=\u00a0\u00bb4_4&Prime; _builder_version=\u00a0\u00bb4.25.1&Prime; _module_preset=\u00a0\u00bbdefault\u00a0\u00bb global_colors_info=\u00a0\u00bb{}\u00a0\u00bb][et_pb_blog fullwidth=\u00a0\u00bboff\u00a0\u00bb posts_number=\u00a0\u00bb5&Prime; include_categories=\u00a0\u00bb7&Prime; meta_date=\u00a0\u00bbj-M-y\u00a0\u00bb show_categories=\u00a0\u00bboff\u00a0\u00bb _builder_version=\u00a0\u00bb4.25.1&Prime; _module_preset=\u00a0\u00bbdefault\u00a0\u00bb global_colors_info=\u00a0\u00bb{}\u00a0\u00bb][\/et_pb_blog][\/et_pb_column][\/et_pb_row][\/et_pb_section]<\/p>\n","protected":false},"excerpt":{"rendered":"<p>Donn\u00e9es pour le d\u00e9veloppement en Afrique francophone: Outiller, valoriser et p\u00e9renniser une culture des donn\u00e9es pour la Communaut\u00e9 d\u2019Afrique francophone des donn\u00e9es ouvertes &#8211; CAFDO Objectif G\u00e9n\u00e9ral : Am\u00e9liorer l&rsquo;ouverture, l&rsquo;utilisation, le partage et la gouvernance des donn\u00e9es pour un dev\u00e9loppement exclusif et \u00e9quitable en Afrique Francophone &nbsp; Objectifs sp\u00e9cifiques : Soutenir la recherche et [&hellip;]<\/p>\n","protected":false},"author":1,"featured_media":0,"parent":0,"menu_order":0,"comment_status":"closed","ping_status":"closed","template":"","meta":{"_et_pb_use_builder":"on","_et_pb_old_content":"","_et_gb_content_width":"","footnotes":""},"class_list":["post-365","page","type-page","status-publish","hentry"],"_links":{"self":[{"href":"https:\/\/www.cafdo.africa\/index.php?rest_route=\/wp\/v2\/pages\/365","targetHints":{"allow":["GET"]}}],"collection":[{"href":"https:\/\/www.cafdo.africa\/index.php?rest_route=\/wp\/v2\/pages"}],"about":[{"href":"https:\/\/www.cafdo.africa\/index.php?rest_route=\/wp\/v2\/types\/page"}],"author":[{"embeddable":true,"href":"https:\/\/www.cafdo.africa\/index.php?rest_route=\/wp\/v2\/users\/1"}],"replies":[{"embeddable":true,"href":"https:\/\/www.cafdo.africa\/index.php?rest_route=%2Fwp%2Fv2%2Fcomments&post=365"}],"version-history":[{"count":26,"href":"https:\/\/www.cafdo.africa\/index.php?rest_route=\/wp\/v2\/pages\/365\/revisions"}],"predecessor-version":[{"id":712,"href":"https:\/\/www.cafdo.africa\/index.php?rest_route=\/wp\/v2\/pages\/365\/revisions\/712"}],"wp:attachment":[{"href":"https:\/\/www.cafdo.africa\/index.php?rest_route=%2Fwp%2Fv2%2Fmedia&parent=365"}],"curies":[{"name":"wp","href":"https:\/\/api.w.org\/{rel}","templated":true}]}}